{"id":1733,"date":"2016-11-24T13:20:31","date_gmt":"2016-11-24T11:20:31","guid":{"rendered":"http:\/\/www.grimann.de\/?post_type=product&#038;p=1733"},"modified":"2019-08-12T09:48:03","modified_gmt":"2019-08-12T07:48:03","slug":"kunstbecher-maedels","status":"publish","type":"product","link":"https:\/\/www.grimann.de\/pl\/produkt\/kunstbecher-maedels\/","title":{"rendered":"K\u00fcnstlertasse &#8222;M\u00e4dels&#8221;"},"content":{"rendered":"<p>kubeczek artystaczny &#8222;dzeiwcz\u0119ta na \u0142awce&#8221;<\/p>","protected":false},"excerpt":{"rendered":"<figure id=\"attachment_1813\" aria-describedby=\"caption-attachment-1813\" style=\"width: 520px\" class=\"wp-caption alignleft\"><a href=\"http:\/\/www.grimann.de\/produkt\/kunstbecher-maedels\/olympus-digital-camera-157\/\" rel=\"attachment wp-att-1813\"><img loading=\"lazy\" decoding=\"async\" class=\"size-large wp-image-1813\" src=\"http:\/\/www.grimann.de\/wp-content\/uploads\/2016\/11\/tasse5-614x290.jpg\" alt=\"OLYMPUS DIGITAL CAMERA\" width=\"520\" height=\"246\" srcset=\"https:\/\/www.grimann.de\/wp-content\/uploads\/2016\/11\/tasse5-614x290.jpg 614w, https:\/\/www.grimann.de\/wp-content\/uploads\/2016\/11\/tasse5-300x142.jpg 300w, https:\/\/www.grimann.de\/wp-content\/uploads\/2016\/11\/tasse5-150x71.jpg 150w, https:\/\/www.grimann.de\/wp-content\/uploads\/2016\/11\/tasse5-768x363.jpg 768w\" sizes=\"auto, (max-width: 520px) 100vw, 520px\" \/><\/a><figcaption id=\"caption-attachment-1813\" class=\"wp-caption-text\">M\u00e4dels<\/figcaption><\/figure>\n<p>M\u00e4dels ( ganzes Motiv)<\/p>\n","protected":false},"featured_media":1813,"comment_status":"open","ping_status":"closed","template":"","meta":{"_exactmetrics_skip_tracking":false,"_exactmetrics_sitenote_active":false,"_exactmetrics_sitenote_note":"","_exactmetrics_sitenote_category":0,"ngg_post_thumbnail":0,"ocean_post_layout":"","ocean_both_sidebars_style":"","ocean_both_sidebars_content_width":0,"ocean_both_sidebars_sidebars_width":0,"ocean_sidebar":"","ocean_second_sidebar":"","ocean_disable_margins":"enable","ocean_add_body_class":"","ocean_shortcode_before_top_bar":"","ocean_shortcode_after_top_bar":"","ocean_shortcode_before_header":"","ocean_shortcode_after_header":"","ocean_has_shortcode":"","ocean_shortcode_after_title":"","ocean_shortcode_before_footer_widgets":"","ocean_shortcode_after_footer_widgets":"","ocean_shortcode_before_footer_bottom":"","ocean_shortcode_after_footer_bottom":"","ocean_display_top_bar":"default","ocean_display_header":"default","ocean_header_style":"","ocean_center_header_left_menu":"","ocean_custom_header_template":"","ocean_custom_logo":0,"ocean_custom_retina_logo":0,"ocean_custom_logo_max_width":0,"ocean_custom_logo_tablet_max_width":0,"ocean_custom_logo_mobile_max_width":0,"ocean_custom_logo_max_height":0,"ocean_custom_logo_tablet_max_height":0,"ocean_custom_logo_mobile_max_height":0,"ocean_header_custom_menu":"","ocean_menu_typo_font_family":"","ocean_menu_typo_font_subset":"","ocean_menu_typo_font_size":0,"ocean_menu_typo_font_size_tablet":0,"ocean_menu_typo_font_size_mobile":0,"ocean_menu_typo_font_size_unit":"px","ocean_menu_typo_font_weight":"","ocean_menu_typo_font_weight_tablet":"","ocean_menu_typo_font_weight_mobile":"","ocean_menu_typo_transform":"","ocean_menu_typo_transform_tablet":"","ocean_menu_typo_transform_mobile":"","ocean_menu_typo_line_height":0,"ocean_menu_typo_line_height_tablet":0,"ocean_menu_typo_line_height_mobile":0,"ocean_menu_typo_line_height_unit":"","ocean_menu_typo_spacing":0,"ocean_menu_typo_spacing_tablet":0,"ocean_menu_typo_spacing_mobile":0,"ocean_menu_typo_spacing_unit":"","ocean_menu_link_color":"","ocean_menu_link_color_hover":"","ocean_menu_link_color_active":"","ocean_menu_link_background":"","ocean_menu_link_hover_background":"","ocean_menu_link_active_background":"","ocean_menu_social_links_bg":"","ocean_menu_social_hover_links_bg":"","ocean_menu_social_links_color":"","ocean_menu_social_hover_links_color":"","ocean_disable_title":"default","ocean_disable_heading":"default","ocean_post_title":"","ocean_post_subheading":"","ocean_post_title_style":"","ocean_post_title_background_color":"","ocean_post_title_background":0,"ocean_post_title_bg_image_position":"","ocean_post_title_bg_image_attachment":"","ocean_post_title_bg_image_repeat":"","ocean_post_title_bg_image_size":"","ocean_post_title_height":0,"ocean_post_title_bg_overlay":0.5,"ocean_post_title_bg_overlay_color":"","ocean_disable_breadcrumbs":"default","ocean_breadcrumbs_color":"","ocean_breadcrumbs_separator_color":"","ocean_breadcrumbs_links_color":"","ocean_breadcrumbs_links_hover_color":"","ocean_display_footer_widgets":"default","ocean_display_footer_bottom":"default","ocean_custom_footer_template":""},"product_brand":[],"product_cat":[320],"product_tag":[300,315,318,319,316,317,314,310],"class_list":{"0":"post-1733","1":"product","2":"type-product","3":"status-publish","4":"has-post-thumbnail","6":"product_cat-becher","7":"product_tag-becher","8":"product_tag-geschenk","9":"product_tag-kuenstler-becher","10":"product_tag-kuenstler-tasse","11":"product_tag-kuenstlerbecher","12":"product_tag-kuenstlertasse","13":"product_tag-kznstler-tasse","14":"product_tag-tasse","16":"entry","17":"has-media","19":"first","20":"instock","21":"purchasable","22":"product-type-simple","23":"has-product-nav","24":"col","25":"span_1_of_3","26":"owp-content-center","27":"owp-thumbs-layout-horizontal","28":"owp-btn-normal","29":"owp-tabs-layout-horizontal","30":"has-no-thumbnails"},"yoast_head":"<!-- This site is optimized with the Yoast SEO plugin v27.4 - https:\/\/yoast.com\/product\/yoast-seo-wordpress\/ -->\n<title>K\u00fcnstlertasse &quot;M\u00e4dels&quot; - my gallery<\/title>\n<meta name=\"robots\" content=\"index, follow, max-snippet:-1, max-image-preview:large, max-video-preview:-1\" \/>\n<link rel=\"canonical\" href=\"https:\/\/www.grimann.de\/produkt\/kunstbecher-maedels\/\" \/>\n<meta property=\"og:locale\" content=\"pl_PL\" \/>\n<meta property=\"og:type\" content=\"article\" \/>\n<meta property=\"og:title\" content=\"K\u00fcnstlertasse &quot;M\u00e4dels&quot; - my gallery\" \/>\n<meta property=\"og:description\" content=\"[:de]Eine aussergew\u00fchnliche Freude verbreitet sich am Morgen , wenn man aus einer K\u00fcnstlertasse ein warmes Getr\u00e4nk einnimmt. Funktioniert auch nachmittags, Abends oder im Urlaub, die M\u00f6glichkeiten des Einsatzes sind unersch\u00f6pfbar.  &nbsp;  (hier Komplettansicht)    &nbsp;[:pl]  M\u00e4dels ( ganzes Motiv)[:]\" \/>\n<meta property=\"og:url\" content=\"https:\/\/www.grimann.de\/produkt\/kunstbecher-maedels\/\" \/>\n<meta property=\"og:site_name\" content=\"my gallery\" \/>\n<meta property=\"article:publisher\" content=\"https:\/\/www.facebook.com\/adam.grimann\" \/>\n<meta property=\"article:modified_time\" content=\"2019-08-12T07:48:03+00:00\" \/>\n<meta property=\"og:image\" content=\"https:\/\/www.grimann.de\/wp-content\/uploads\/2016\/11\/tasse5.jpg\" \/>\n\t<meta property=\"og:image:width\" content=\"2540\" \/>\n\t<meta property=\"og:image:height\" content=\"1200\" \/>\n\t<meta property=\"og:image:type\" content=\"image\/jpeg\" \/>\n<meta name=\"twitter:card\" content=\"summary_large_image\" \/>\n<script type=\"application\/ld+json\" class=\"yoast-schema-graph\">{\"@context\":\"https:\\\/\\\/schema.org\",\"@graph\":[{\"@type\":\"WebPage\",\"@id\":\"https:\\\/\\\/www.grimann.de\\\/produkt\\\/kunstbecher-maedels\\\/\",\"url\":\"https:\\\/\\\/www.grimann.de\\\/produkt\\\/kunstbecher-maedels\\\/\",\"name\":\"K\u00fcnstlertasse \\\"M\u00e4dels\\\" - my gallery\",\"isPartOf\":{\"@id\":\"https:\\\/\\\/www.grimann.de\\\/#website\"},\"primaryImageOfPage\":{\"@id\":\"https:\\\/\\\/www.grimann.de\\\/produkt\\\/kunstbecher-maedels\\\/#primaryimage\"},\"image\":{\"@id\":\"https:\\\/\\\/www.grimann.de\\\/produkt\\\/kunstbecher-maedels\\\/#primaryimage\"},\"thumbnailUrl\":\"https:\\\/\\\/www.grimann.de\\\/wp-content\\\/uploads\\\/2016\\\/11\\\/tasse5.jpg\",\"datePublished\":\"2016-11-24T11:20:31+00:00\",\"dateModified\":\"2019-08-12T07:48:03+00:00\",\"breadcrumb\":{\"@id\":\"https:\\\/\\\/www.grimann.de\\\/produkt\\\/kunstbecher-maedels\\\/#breadcrumb\"},\"inLanguage\":\"pl-PL\",\"potentialAction\":[{\"@type\":\"ReadAction\",\"target\":[\"https:\\\/\\\/www.grimann.de\\\/produkt\\\/kunstbecher-maedels\\\/\"]}]},{\"@type\":\"ImageObject\",\"inLanguage\":\"pl-PL\",\"@id\":\"https:\\\/\\\/www.grimann.de\\\/produkt\\\/kunstbecher-maedels\\\/#primaryimage\",\"url\":\"https:\\\/\\\/www.grimann.de\\\/wp-content\\\/uploads\\\/2016\\\/11\\\/tasse5.jpg\",\"contentUrl\":\"https:\\\/\\\/www.grimann.de\\\/wp-content\\\/uploads\\\/2016\\\/11\\\/tasse5.jpg\",\"width\":2540,\"height\":1200,\"caption\":\"M\u00e4dels\"},{\"@type\":\"BreadcrumbList\",\"@id\":\"https:\\\/\\\/www.grimann.de\\\/produkt\\\/kunstbecher-maedels\\\/#breadcrumb\",\"itemListElement\":[{\"@type\":\"ListItem\",\"position\":1,\"name\":\"Home\",\"item\":\"https:\\\/\\\/www.grimann.de\\\/\"},{\"@type\":\"ListItem\",\"position\":2,\"name\":\"shop\",\"item\":\"https:\\\/\\\/www.grimann.de\\\/shop\\\/\"},{\"@type\":\"ListItem\",\"position\":3,\"name\":\"K\u00fcnstlertasse &#8222;M\u00e4dels&#8220;\"}]},{\"@type\":\"WebSite\",\"@id\":\"https:\\\/\\\/www.grimann.de\\\/#website\",\"url\":\"https:\\\/\\\/www.grimann.de\\\/\",\"name\":\"my gallery\",\"description\":\"adams art\",\"publisher\":{\"@id\":\"https:\\\/\\\/www.grimann.de\\\/#\\\/schema\\\/person\\\/b85eeb7bb21aee8cb16db5f471df2377\"},\"potentialAction\":[{\"@type\":\"SearchAction\",\"target\":{\"@type\":\"EntryPoint\",\"urlTemplate\":\"https:\\\/\\\/www.grimann.de\\\/?s={search_term_string}\"},\"query-input\":{\"@type\":\"PropertyValueSpecification\",\"valueRequired\":true,\"valueName\":\"search_term_string\"}}],\"inLanguage\":\"pl-PL\"},{\"@type\":[\"Person\",\"Organization\"],\"@id\":\"https:\\\/\\\/www.grimann.de\\\/#\\\/schema\\\/person\\\/b85eeb7bb21aee8cb16db5f471df2377\",\"name\":\"grimann\",\"image\":{\"@type\":\"ImageObject\",\"inLanguage\":\"pl-PL\",\"@id\":\"https:\\\/\\\/www.grimann.de\\\/wp-content\\\/uploads\\\/2022\\\/07\\\/signatur1-scaled.jpg\",\"url\":\"https:\\\/\\\/www.grimann.de\\\/wp-content\\\/uploads\\\/2022\\\/07\\\/signatur1-scaled.jpg\",\"contentUrl\":\"https:\\\/\\\/www.grimann.de\\\/wp-content\\\/uploads\\\/2022\\\/07\\\/signatur1-scaled.jpg\",\"width\":2560,\"height\":617,\"caption\":\"grimann\"},\"logo\":{\"@id\":\"https:\\\/\\\/www.grimann.de\\\/wp-content\\\/uploads\\\/2022\\\/07\\\/signatur1-scaled.jpg\"},\"sameAs\":[\"https:\\\/\\\/www.grimann.de\",\"https:\\\/\\\/www.facebook.com\\\/adam.grimann\",\"https:\\\/\\\/www.instagram.com\\\/atelier_grimann\\\/\",\"https:\\\/\\\/www.linkedin.com\\\/in\\\/adam-grimann-4684a661\\\/\"]}]}<\/script>\n<!-- \/ Yoast SEO plugin. -->","yoast_head_json":{"title":"K\u00fcnstlertasse \"M\u00e4dels\" - my gallery","robots":{"index":"index","follow":"follow","max-snippet":"max-snippet:-1","max-image-preview":"max-image-preview:large","max-video-preview":"max-video-preview:-1"},"canonical":"https:\/\/www.grimann.de\/produkt\/kunstbecher-maedels\/","og_locale":"pl_PL","og_type":"article","og_title":"K\u00fcnstlertasse \"M\u00e4dels\" - my gallery","og_description":"[:de]Eine aussergew\u00fchnliche Freude verbreitet sich am Morgen , wenn man aus einer K\u00fcnstlertasse ein warmes Getr\u00e4nk einnimmt. Funktioniert auch nachmittags, Abends oder im Urlaub, die M\u00f6glichkeiten des Einsatzes sind unersch\u00f6pfbar.  &nbsp;  (hier Komplettansicht)    &nbsp;[:pl]  M\u00e4dels ( ganzes Motiv)[:]","og_url":"https:\/\/www.grimann.de\/produkt\/kunstbecher-maedels\/","og_site_name":"my gallery","article_publisher":"https:\/\/www.facebook.com\/adam.grimann","article_modified_time":"2019-08-12T07:48:03+00:00","og_image":[{"width":2540,"height":1200,"url":"https:\/\/www.grimann.de\/wp-content\/uploads\/2016\/11\/tasse5.jpg","type":"image\/jpeg"}],"twitter_card":"summary_large_image","schema":{"@context":"https:\/\/schema.org","@graph":[{"@type":"WebPage","@id":"https:\/\/www.grimann.de\/produkt\/kunstbecher-maedels\/","url":"https:\/\/www.grimann.de\/produkt\/kunstbecher-maedels\/","name":"K\u00fcnstlertasse \"M\u00e4dels\" - my gallery","isPartOf":{"@id":"https:\/\/www.grimann.de\/#website"},"primaryImageOfPage":{"@id":"https:\/\/www.grimann.de\/produkt\/kunstbecher-maedels\/#primaryimage"},"image":{"@id":"https:\/\/www.grimann.de\/produkt\/kunstbecher-maedels\/#primaryimage"},"thumbnailUrl":"https:\/\/www.grimann.de\/wp-content\/uploads\/2016\/11\/tasse5.jpg","datePublished":"2016-11-24T11:20:31+00:00","dateModified":"2019-08-12T07:48:03+00:00","breadcrumb":{"@id":"https:\/\/www.grimann.de\/produkt\/kunstbecher-maedels\/#breadcrumb"},"inLanguage":"pl-PL","potentialAction":[{"@type":"ReadAction","target":["https:\/\/www.grimann.de\/produkt\/kunstbecher-maedels\/"]}]},{"@type":"ImageObject","inLanguage":"pl-PL","@id":"https:\/\/www.grimann.de\/produkt\/kunstbecher-maedels\/#primaryimage","url":"https:\/\/www.grimann.de\/wp-content\/uploads\/2016\/11\/tasse5.jpg","contentUrl":"https:\/\/www.grimann.de\/wp-content\/uploads\/2016\/11\/tasse5.jpg","width":2540,"height":1200,"caption":"M\u00e4dels"},{"@type":"BreadcrumbList","@id":"https:\/\/www.grimann.de\/produkt\/kunstbecher-maedels\/#breadcrumb","itemListElement":[{"@type":"ListItem","position":1,"name":"Home","item":"https:\/\/www.grimann.de\/"},{"@type":"ListItem","position":2,"name":"shop","item":"https:\/\/www.grimann.de\/shop\/"},{"@type":"ListItem","position":3,"name":"K\u00fcnstlertasse &#8222;M\u00e4dels&#8220;"}]},{"@type":"WebSite","@id":"https:\/\/www.grimann.de\/#website","url":"https:\/\/www.grimann.de\/","name":"my gallery","description":"adams art","publisher":{"@id":"https:\/\/www.grimann.de\/#\/schema\/person\/b85eeb7bb21aee8cb16db5f471df2377"},"potentialAction":[{"@type":"SearchAction","target":{"@type":"EntryPoint","urlTemplate":"https:\/\/www.grimann.de\/?s={search_term_string}"},"query-input":{"@type":"PropertyValueSpecification","valueRequired":true,"valueName":"search_term_string"}}],"inLanguage":"pl-PL"},{"@type":["Person","Organization"],"@id":"https:\/\/www.grimann.de\/#\/schema\/person\/b85eeb7bb21aee8cb16db5f471df2377","name":"grimann","image":{"@type":"ImageObject","inLanguage":"pl-PL","@id":"https:\/\/www.grimann.de\/wp-content\/uploads\/2022\/07\/signatur1-scaled.jpg","url":"https:\/\/www.grimann.de\/wp-content\/uploads\/2022\/07\/signatur1-scaled.jpg","contentUrl":"https:\/\/www.grimann.de\/wp-content\/uploads\/2022\/07\/signatur1-scaled.jpg","width":2560,"height":617,"caption":"grimann"},"logo":{"@id":"https:\/\/www.grimann.de\/wp-content\/uploads\/2022\/07\/signatur1-scaled.jpg"},"sameAs":["https:\/\/www.grimann.de","https:\/\/www.facebook.com\/adam.grimann","https:\/\/www.instagram.com\/atelier_grimann\/","https:\/\/www.linkedin.com\/in\/adam-grimann-4684a661\/"]}]}},"_links":{"self":[{"href":"https:\/\/www.grimann.de\/pl\/wp-json\/wp\/v2\/product\/1733","targetHints":{"allow":["GET"]}}],"collection":[{"href":"https:\/\/www.grimann.de\/pl\/wp-json\/wp\/v2\/product"}],"about":[{"href":"https:\/\/www.grimann.de\/pl\/wp-json\/wp\/v2\/types\/product"}],"replies":[{"embeddable":true,"href":"https:\/\/www.grimann.de\/pl\/wp-json\/wp\/v2\/comments?post=1733"}],"wp:featuredmedia":[{"embeddable":true,"href":"https:\/\/www.grimann.de\/pl\/wp-json\/wp\/v2\/media\/1813"}],"wp:attachment":[{"href":"https:\/\/www.grimann.de\/pl\/wp-json\/wp\/v2\/media?parent=1733"}],"wp:term":[{"taxonomy":"product_brand","embeddable":true,"href":"https:\/\/www.grimann.de\/pl\/wp-json\/wp\/v2\/product_brand?post=1733"},{"taxonomy":"product_cat","embeddable":true,"href":"https:\/\/www.grimann.de\/pl\/wp-json\/wp\/v2\/product_cat?post=1733"},{"taxonomy":"product_tag","embeddable":true,"href":"https:\/\/www.grimann.de\/pl\/wp-json\/wp\/v2\/product_tag?post=1733"}],"curies":[{"name":"wp","href":"https:\/\/api.w.org\/{rel}","templated":true}]}}