{"id":593,"date":"2013-07-15T11:48:50","date_gmt":"2013-07-15T09:48:50","guid":{"rendered":"http:\/\/redesign.grimann.de\/?page_id=593"},"modified":"2013-07-15T20:04:14","modified_gmt":"2013-07-15T18:04:14","slug":"ein-paar-worte-zu-dem-was-ich-mache-und-zur-meiner-person","status":"publish","type":"page","link":"https:\/\/www.grimann.de\/zh\/ein-paar-worte-zu-dem-was-ich-mache-und-zur-meiner-person\/","title":{"rendered":"ein paar worte zu dem was ich mache und zur meiner person"},"content":{"rendered":"<p>Die Tage, die N\u00e4chte, die Gedanken dann, die Gedanken dar\u00fcber. Ich breite mein Netz aus und fange das nicht Gesehene, das Gef\u00fchlte, den Atem der Seele .<\/p>\n<p>Es gibt ja Kleinigkeiten die f\u00fcr einen Moment in den Maschen h\u00e4ngen bleiben bevor sie weitergleiten, dass ich sie nur kurz zu sehen bekomme \u2013 die machen <span style=\"color: #ff0000;\">die Stimmung<\/span>.<\/p>\n<p>Die gr\u00f6\u00dferen, die stecken bleiben das sind die Meisten. Mal lustig, heiter und freundlich, mal traurig, d\u00fcster oder kummervoll, die sortiere ich grob durch und die werden zum <span style=\"color: #ff0000;\">Inhalt<\/span>.<\/p>\n<p>Und es gibt gro\u00dfes da drau\u00dfen, was mich ber\u00fchrt, was mich bewegt, was mich t\u00e4glich pr\u00e4gt und wenn es mir gelingt das zu fangen, dann bleibt es als <span style=\"color: #ff0000;\">Botschaft<\/span> da.<\/p>\n<p>Und das sind meine Bilder wie ich sie heute sehe. Und ich wei\u00df, dass sie gestern ein kleines bisschen anders f\u00fcr mich waren. Und ich wei\u00df, dass ich sie morgen schon ein wenig anders sehen werde. Und ich hoffe, dass es dem Betrachter \u00e4hnlich geht und dass ich Ihm etwas von diesem meinem Sehen geben kann.<\/p>\n<p>________________________________________<\/p>\n<p><b>Ich werde euch das Gefl\u00fcster meiner Seele zeigen<\/b><\/p>\n<p>&nbsp;<\/p>\n<p>&nbsp;<\/p>\n<p>Ich gehe und schaue mich um. Und das, was ich sehe zeige ich in meinen Arbeiten \u2013 wie jeder Schaffender es macht (glaube ich). Den einfachen, t\u00e4glichen Kampf ums \u00dcberleben bis Morgen. Den Menschen um mich herum mit seinen Sorgen, Freuden und Leiden, Lieben und Dramen. Meine Welt auf meine ein bisschen symbolische, \u00fcbertragene, bisschen m\u00e4rchenhafte, bisschen comichafte, eben meine Art. Manchmal greife ich aktuelle Themen auf, manchmal nur einen Gedanken oder ein Gef\u00fchl welcher in seiner Fl\u00fcchtigkeit gerade noch auf die Leinwand schafft.<\/p>\n<p>Ich habe lange versucht dem Betrachter einen Interpretationsfreiraum zu geben und versuchte\u00a0 nicht durch die Titel einzugreifen und alles zu erkl\u00e4ren, deswegen habe ich meine Arbeiten fast immer unbetitelt gelassen. Ich habe mir immer wieder neue Interpretationen gew\u00fcnscht und solche auch bekommen, weil diese Freiheit genutzt wurde, manchmal aus Mangel an Alternativen ;). Wenn der Betrachter sich die Zeit nimmt findet er vieles von meinen oder noch besser von eigenen Gedanken wieder. Und dann ist mein Ziel erreicht, Mission erf\u00fcllt.<\/p>\n<p>Als Beispiel f\u00e4llt mir eine Interpretation des Bildes \u201eweinend tanzend\u201c ein, wo ich mich mit dem Thema Tod besch\u00e4ftigt habe und jemand aus dem Publikum hat nur Liebe darin gesehen, was f\u00fcr ein gegenpoliges Sehen und Empfinden, ich finde solche Momente faszinierend. Herrlich finde ich auch die Geschichten, die mir auf dem Wege der Malerei passieren wie z.B. die, wo ich einige Bilder nicht ausstellen d\u00fcrfte weil sie als sittenwidrig klassifiziert wurden !<\/p>\n<p>Seit einiger Zeit helfe ich doch ein bisschen nach und viele der neueren Bilder haben einen Titel der ein bisschen die Gedankenfl\u00fcsse lenkt, wenn man es w\u00fcnscht und zul\u00e4sst. Trotzdem denke ich weiterhin, dass die Gestallten, die meine Fantasie erschafft und die meine Botschaften in die Welt tragen sollten , es ganz gut tun und doch eine verst\u00e4ndliche Sprache sprechen. Als Gegenleistung f\u00fcr die Verst\u00e4ndlichkeit verlangen sie vom Betrachter ein bisschen Zeit, Offenheit und Fantasie beim anschauen. Ich denke auch, dass meine Bilder mehr erz\u00e4hlen, als ich das jemals mit meinen Worten machen k\u00f6nnte. Ich kommuniziere durch meine Malerei, ich versuche das was ich nicht aussprechen kann oder will auf diese Weise loszuwerden und sich mitzuteilen.<\/p>\n<p><span style=\"color: #33cccc;\">\u201eAdam Grimann\u2019 s Welt ist bunt und sieht aus als w\u00e4re sie durch einen bizarren Spiegel direkt aus Alice in Wunderland gefiltert. Verzerrt, psychedelisch, sehr nah an einem Alptraum, aber doch irgendwie lustig\u201c<\/span>. \u2013 so in etwa hat man \u00fcber meine Stettiner Ausstellung berichtet<\/p>\n<p>Einer der wichtigeren Projekte in letzter Zeit war die Gestaltung des Covers der CD \u201eNacht der Hunde\u201c mit Poesie von Frau Franziska R\u00f6chter und des Buches \u201eHaben sie Komfortstatus\u201c (auch von Frau R\u00f6chter), bei dem ich au\u00dfer Covergestaltung auch die Bilder f\u00fcr das Buch beigesteuert habe.<\/p>\n<p><span style=\"color: #33cccc;\">\u201eSeine Bilder (&#8230;) bestechen durch Charme, Witz, eine Tiefgr\u00fcndige Wahrheit und immense Farbenfreude\u201c<\/span> \u2013 Franziska R\u00f6chter, Schriftstellerin.<\/p>\n<p>Die Neue Westf\u00e4lische schreibt: <span style=\"color: #33cccc;\">\u201e\u2026.Motivwelt des Adam Grimann mit ihren surrealen Tendenzen. Um seine Wahrnehmungen und Erlebnisse malerisch auszudr\u00fccken, vermischt er diese Eindr\u00fccke mit Empfindungen deren Interpretationen. Herauskommt dabei eine gegenst\u00e4ndliche, aber formal v\u00f6llig eigenwillige Bildersprache. (..) Er l\u00e4sst sich Wesen einfallen, wie er sie passend f\u00fcr seine Bildaussage braucht. Diese Eigenst\u00e4ndigkeit wird durch eine \u00fcberlegte Farbsetzung intensiviert(..) Inwieweit Grimanns Titel bei der Entschl\u00fcsselung der Inhalte behilflich sein k\u00f6nnen, sei dahingestellt. Drum ist der Betrachter gut beraten, sich ohne Vorbehalte auf diese au\u00dfergew\u00f6hnlich fantasiereiche Bilderreise einzulassen.\u201c<\/span><\/p>\n<p>Und \u00fcber das Bild \u201eAbh\u00e4ngigkeit\u201c : <span style=\"color: #33cccc;\">\u201e Die freundlichen Farben verstellen fast den Blick auf die spitzen Z\u00e4hne, das verzerrte Maul und den irren Blick mit denen das Kuscheltier zu seinem Herrchen schielt\u201c<\/span> und beschreibt damit grob die Linie von vielen meinen letzten Arbeiten.<\/p>\n<p>Die LIPPISCHE LANDES-ZEITUNG: <span style=\"color: #33cccc;\">\u201e(..) blicken den Betrachter aus knallbunten Gem\u00e4lden, vorwiegend in \u00d6l, skurrile, langgliedrige Figuren mit Glubschaugen an, tier- oder menschen\u00e4hnliche Wesen, die auf den ersten Blick lustig anmuten. Und doch scheint hinter der komischen Oberfl\u00e4che durch die Skurrilit\u00e4t das Grauen zu lauern. (..)Fesselnd ist die im wahrsten Sinne bunte Vielfalt, die in seinen Gem\u00e4lden zum Ausdruck kommt.\u201c<\/span><\/p>\n<p>Jetzt arbeite ich unter anderen an Illustrationen f\u00fcr ein Kinderbuch und wenn ich wieder jemanden finde, der schreibt und dem meine Arbeiten gefallen , w\u00fcrde ich gerne wieder etwas Literatur mit meinen Gestalten bildlich kommentieren.<\/p>\n<p>Die meisten meiner Bilder sind mit \u00d6lfarben auf Leinwand gemalt, was nicht bedeutet, dass ich f\u00fcr andere Techniken eine Abneigung habe, ich probiere hin und wieder gerne etwas Neues aus jedoch kehre ich immer wieder zu meinem Lieblingsmedium zur\u00fcck.<\/p>\n<p>Mein erstes \u00d6lbild ist schon in den 80-er Jahren entstanden aber ich habe gerne schon seit immer gemalt und gezeichnet.<\/p>\n<p>Adam Grimann 2012<\/p>\n<p>&nbsp;<\/p>\n","protected":false},"excerpt":{"rendered":"<p>Die Tage, die N\u00e4chte, die Gedanken dann, die Gedanken d [&hellip;]<\/p>\n","protected":false},"author":1,"featured_media":0,"parent":0,"menu_order":0,"comment_status":"open","ping_status":"open","template":"page-fullwidth.php","meta":{"_exactmetrics_skip_tracking":false,"_exactmetrics_sitenote_active":false,"_exactmetrics_sitenote_note":"","_exactmetrics_sitenote_category":0,"ngg_post_thumbnail":0,"ocean_post_layout":"","ocean_both_sidebars_style":"","ocean_both_sidebars_content_width":0,"ocean_both_sidebars_sidebars_width":0,"ocean_sidebar":"","ocean_second_sidebar":"","ocean_disable_margins":"enable","ocean_add_body_class":"","ocean_shortcode_before_top_bar":"","ocean_shortcode_after_top_bar":"","ocean_shortcode_before_header":"","ocean_shortcode_after_header":"","ocean_has_shortcode":"","ocean_shortcode_after_title":"","ocean_shortcode_before_footer_widgets":"","ocean_shortcode_after_footer_widgets":"","ocean_shortcode_before_footer_bottom":"","ocean_shortcode_after_footer_bottom":"","ocean_display_top_bar":"default","ocean_display_header":"default","ocean_header_style":"","ocean_center_header_left_menu":"","ocean_custom_header_template":"","ocean_custom_logo":0,"ocean_custom_retina_logo":0,"ocean_custom_logo_max_width":0,"ocean_custom_logo_tablet_max_width":0,"ocean_custom_logo_mobile_max_width":0,"ocean_custom_logo_max_height":0,"ocean_custom_logo_tablet_max_height":0,"ocean_custom_logo_mobile_max_height":0,"ocean_header_custom_menu":"","ocean_menu_typo_font_family":"","ocean_menu_typo_font_subset":"","ocean_menu_typo_font_size":0,"ocean_menu_typo_font_size_tablet":0,"ocean_menu_typo_font_size_mobile":0,"ocean_menu_typo_font_size_unit":"px","ocean_menu_typo_font_weight":"","ocean_menu_typo_font_weight_tablet":"","ocean_menu_typo_font_weight_mobile":"","ocean_menu_typo_transform":"","ocean_menu_typo_transform_tablet":"","ocean_menu_typo_transform_mobile":"","ocean_menu_typo_line_height":0,"ocean_menu_typo_line_height_tablet":0,"ocean_menu_typo_line_height_mobile":0,"ocean_menu_typo_line_height_unit":"","ocean_menu_typo_spacing":0,"ocean_menu_typo_spacing_tablet":0,"ocean_menu_typo_spacing_mobile":0,"ocean_menu_typo_spacing_unit":"","ocean_menu_link_color":"","ocean_menu_link_color_hover":"","ocean_menu_link_color_active":"","ocean_menu_link_background":"","ocean_menu_link_hover_background":"","ocean_menu_link_active_background":"","ocean_menu_social_links_bg":"","ocean_menu_social_hover_links_bg":"","ocean_menu_social_links_color":"","ocean_menu_social_hover_links_color":"","ocean_disable_title":"default","ocean_disable_heading":"default","ocean_post_title":"","ocean_post_subheading":"","ocean_post_title_style":"","ocean_post_title_background_color":"","ocean_post_title_background":0,"ocean_post_title_bg_image_position":"","ocean_post_title_bg_image_attachment":"","ocean_post_title_bg_image_repeat":"","ocean_post_title_bg_image_size":"","ocean_post_title_height":0,"ocean_post_title_bg_overlay":0.5,"ocean_post_title_bg_overlay_color":"","ocean_disable_breadcrumbs":"default","ocean_breadcrumbs_color":"","ocean_breadcrumbs_separator_color":"","ocean_breadcrumbs_links_color":"","ocean_breadcrumbs_links_hover_color":"","ocean_display_footer_widgets":"default","ocean_display_footer_bottom":"default","ocean_custom_footer_template":"","footnotes":""},"class_list":["post-593","page","type-page","status-publish","hentry","entry","owp-thumbs-layout-horizontal","owp-btn-normal","owp-tabs-layout-horizontal","has-no-thumbnails","has-product-nav"],"yoast_head":"<!-- This site is optimized with the Yoast SEO plugin v27.4 - https:\/\/yoast.com\/product\/yoast-seo-wordpress\/ -->\n<title>ein paar worte zu dem was ich mache und zur meiner person - my gallery<\/title>\n<meta name=\"robots\" content=\"index, follow, max-snippet:-1, max-image-preview:large, max-video-preview:-1\" \/>\n<link rel=\"canonical\" href=\"https:\/\/www.grimann.de\/pl\/ein-paar-worte-zu-dem-was-ich-mache-und-zur-meiner-person\/\" \/>\n<meta property=\"og:locale\" content=\"zh_CN\" \/>\n<meta property=\"og:type\" content=\"article\" \/>\n<meta property=\"og:title\" content=\"ein paar worte zu dem was ich mache und zur meiner person - my gallery\" \/>\n<meta property=\"og:description\" content=\"Die Tage, die N\u00e4chte, die Gedanken dann, die Gedanken d [&hellip;]\" \/>\n<meta property=\"og:url\" content=\"https:\/\/www.grimann.de\/pl\/ein-paar-worte-zu-dem-was-ich-mache-und-zur-meiner-person\/\" \/>\n<meta property=\"og:site_name\" content=\"my gallery\" \/>\n<meta property=\"article:publisher\" content=\"https:\/\/www.facebook.com\/adam.grimann\" \/>\n<meta property=\"article:modified_time\" content=\"2013-07-15T18:04:14+00:00\" \/>\n<meta name=\"twitter:card\" content=\"summary_large_image\" \/>\n<meta name=\"twitter:label1\" content=\"\u9884\u8ba1\u9605\u8bfb\u65f6\u95f4\" \/>\n\t<meta name=\"twitter:data1\" content=\"5 \u5206\" \/>\n<script type=\"application\/ld+json\" class=\"yoast-schema-graph\">{\"@context\":\"https:\\\/\\\/schema.org\",\"@graph\":[{\"@type\":\"WebPage\",\"@id\":\"https:\\\/\\\/www.grimann.de\\\/pl\\\/ein-paar-worte-zu-dem-was-ich-mache-und-zur-meiner-person\\\/\",\"url\":\"https:\\\/\\\/www.grimann.de\\\/pl\\\/ein-paar-worte-zu-dem-was-ich-mache-und-zur-meiner-person\\\/\",\"name\":\"ein paar worte zu dem was ich mache und zur meiner person - my gallery\",\"isPartOf\":{\"@id\":\"https:\\\/\\\/www.grimann.de\\\/#website\"},\"datePublished\":\"2013-07-15T09:48:50+00:00\",\"dateModified\":\"2013-07-15T18:04:14+00:00\",\"breadcrumb\":{\"@id\":\"https:\\\/\\\/www.grimann.de\\\/pl\\\/ein-paar-worte-zu-dem-was-ich-mache-und-zur-meiner-person\\\/#breadcrumb\"},\"inLanguage\":\"zh-Hans\",\"potentialAction\":[{\"@type\":\"ReadAction\",\"target\":[\"https:\\\/\\\/www.grimann.de\\\/pl\\\/ein-paar-worte-zu-dem-was-ich-mache-und-zur-meiner-person\\\/\"]}]},{\"@type\":\"BreadcrumbList\",\"@id\":\"https:\\\/\\\/www.grimann.de\\\/pl\\\/ein-paar-worte-zu-dem-was-ich-mache-und-zur-meiner-person\\\/#breadcrumb\",\"itemListElement\":[{\"@type\":\"ListItem\",\"position\":1,\"name\":\"Home\",\"item\":\"https:\\\/\\\/www.grimann.de\\\/\"},{\"@type\":\"ListItem\",\"position\":2,\"name\":\"ein paar worte zu dem was ich mache und zur meiner person\"}]},{\"@type\":\"WebSite\",\"@id\":\"https:\\\/\\\/www.grimann.de\\\/#website\",\"url\":\"https:\\\/\\\/www.grimann.de\\\/\",\"name\":\"my gallery\",\"description\":\"adams art\",\"publisher\":{\"@id\":\"https:\\\/\\\/www.grimann.de\\\/#\\\/schema\\\/person\\\/b85eeb7bb21aee8cb16db5f471df2377\"},\"potentialAction\":[{\"@type\":\"SearchAction\",\"target\":{\"@type\":\"EntryPoint\",\"urlTemplate\":\"https:\\\/\\\/www.grimann.de\\\/?s={search_term_string}\"},\"query-input\":{\"@type\":\"PropertyValueSpecification\",\"valueRequired\":true,\"valueName\":\"search_term_string\"}}],\"inLanguage\":\"zh-Hans\"},{\"@type\":[\"Person\",\"Organization\"],\"@id\":\"https:\\\/\\\/www.grimann.de\\\/#\\\/schema\\\/person\\\/b85eeb7bb21aee8cb16db5f471df2377\",\"name\":\"grimann\",\"image\":{\"@type\":\"ImageObject\",\"inLanguage\":\"zh-Hans\",\"@id\":\"https:\\\/\\\/www.grimann.de\\\/wp-content\\\/uploads\\\/2022\\\/07\\\/signatur1-scaled.jpg\",\"url\":\"https:\\\/\\\/www.grimann.de\\\/wp-content\\\/uploads\\\/2022\\\/07\\\/signatur1-scaled.jpg\",\"contentUrl\":\"https:\\\/\\\/www.grimann.de\\\/wp-content\\\/uploads\\\/2022\\\/07\\\/signatur1-scaled.jpg\",\"width\":2560,\"height\":617,\"caption\":\"grimann\"},\"logo\":{\"@id\":\"https:\\\/\\\/www.grimann.de\\\/wp-content\\\/uploads\\\/2022\\\/07\\\/signatur1-scaled.jpg\"},\"sameAs\":[\"https:\\\/\\\/www.grimann.de\",\"https:\\\/\\\/www.facebook.com\\\/adam.grimann\",\"https:\\\/\\\/www.instagram.com\\\/atelier_grimann\\\/\",\"https:\\\/\\\/www.linkedin.com\\\/in\\\/adam-grimann-4684a661\\\/\"]}]}<\/script>\n<!-- \/ Yoast SEO plugin. -->","yoast_head_json":{"title":"ein paar worte zu dem was ich mache und zur meiner person - my gallery","robots":{"index":"index","follow":"follow","max-snippet":"max-snippet:-1","max-image-preview":"max-image-preview:large","max-video-preview":"max-video-preview:-1"},"canonical":"https:\/\/www.grimann.de\/pl\/ein-paar-worte-zu-dem-was-ich-mache-und-zur-meiner-person\/","og_locale":"zh_CN","og_type":"article","og_title":"ein paar worte zu dem was ich mache und zur meiner person - my gallery","og_description":"Die Tage, die N\u00e4chte, die Gedanken dann, die Gedanken d [&hellip;]","og_url":"https:\/\/www.grimann.de\/pl\/ein-paar-worte-zu-dem-was-ich-mache-und-zur-meiner-person\/","og_site_name":"my gallery","article_publisher":"https:\/\/www.facebook.com\/adam.grimann","article_modified_time":"2013-07-15T18:04:14+00:00","twitter_card":"summary_large_image","twitter_misc":{"\u9884\u8ba1\u9605\u8bfb\u65f6\u95f4":"5 \u5206"},"schema":{"@context":"https:\/\/schema.org","@graph":[{"@type":"WebPage","@id":"https:\/\/www.grimann.de\/pl\/ein-paar-worte-zu-dem-was-ich-mache-und-zur-meiner-person\/","url":"https:\/\/www.grimann.de\/pl\/ein-paar-worte-zu-dem-was-ich-mache-und-zur-meiner-person\/","name":"ein paar worte zu dem was ich mache und zur meiner person - my gallery","isPartOf":{"@id":"https:\/\/www.grimann.de\/#website"},"datePublished":"2013-07-15T09:48:50+00:00","dateModified":"2013-07-15T18:04:14+00:00","breadcrumb":{"@id":"https:\/\/www.grimann.de\/pl\/ein-paar-worte-zu-dem-was-ich-mache-und-zur-meiner-person\/#breadcrumb"},"inLanguage":"zh-Hans","potentialAction":[{"@type":"ReadAction","target":["https:\/\/www.grimann.de\/pl\/ein-paar-worte-zu-dem-was-ich-mache-und-zur-meiner-person\/"]}]},{"@type":"BreadcrumbList","@id":"https:\/\/www.grimann.de\/pl\/ein-paar-worte-zu-dem-was-ich-mache-und-zur-meiner-person\/#breadcrumb","itemListElement":[{"@type":"ListItem","position":1,"name":"Home","item":"https:\/\/www.grimann.de\/"},{"@type":"ListItem","position":2,"name":"ein paar worte zu dem was ich mache und zur meiner person"}]},{"@type":"WebSite","@id":"https:\/\/www.grimann.de\/#website","url":"https:\/\/www.grimann.de\/","name":"my gallery","description":"adams art","publisher":{"@id":"https:\/\/www.grimann.de\/#\/schema\/person\/b85eeb7bb21aee8cb16db5f471df2377"},"potentialAction":[{"@type":"SearchAction","target":{"@type":"EntryPoint","urlTemplate":"https:\/\/www.grimann.de\/?s={search_term_string}"},"query-input":{"@type":"PropertyValueSpecification","valueRequired":true,"valueName":"search_term_string"}}],"inLanguage":"zh-Hans"},{"@type":["Person","Organization"],"@id":"https:\/\/www.grimann.de\/#\/schema\/person\/b85eeb7bb21aee8cb16db5f471df2377","name":"grimann","image":{"@type":"ImageObject","inLanguage":"zh-Hans","@id":"https:\/\/www.grimann.de\/wp-content\/uploads\/2022\/07\/signatur1-scaled.jpg","url":"https:\/\/www.grimann.de\/wp-content\/uploads\/2022\/07\/signatur1-scaled.jpg","contentUrl":"https:\/\/www.grimann.de\/wp-content\/uploads\/2022\/07\/signatur1-scaled.jpg","width":2560,"height":617,"caption":"grimann"},"logo":{"@id":"https:\/\/www.grimann.de\/wp-content\/uploads\/2022\/07\/signatur1-scaled.jpg"},"sameAs":["https:\/\/www.grimann.de","https:\/\/www.facebook.com\/adam.grimann","https:\/\/www.instagram.com\/atelier_grimann\/","https:\/\/www.linkedin.com\/in\/adam-grimann-4684a661\/"]}]}},"_links":{"self":[{"href":"https:\/\/www.grimann.de\/zh\/wp-json\/wp\/v2\/pages\/593","targetHints":{"allow":["GET"]}}],"collection":[{"href":"https:\/\/www.grimann.de\/zh\/wp-json\/wp\/v2\/pages"}],"about":[{"href":"https:\/\/www.grimann.de\/zh\/wp-json\/wp\/v2\/types\/page"}],"author":[{"embeddable":true,"href":"https:\/\/www.grimann.de\/zh\/wp-json\/wp\/v2\/users\/1"}],"replies":[{"embeddable":true,"href":"https:\/\/www.grimann.de\/zh\/wp-json\/wp\/v2\/comments?post=593"}],"version-history":[{"count":7,"href":"https:\/\/www.grimann.de\/zh\/wp-json\/wp\/v2\/pages\/593\/revisions"}],"predecessor-version":[{"id":636,"href":"https:\/\/www.grimann.de\/zh\/wp-json\/wp\/v2\/pages\/593\/revisions\/636"}],"wp:attachment":[{"href":"https:\/\/www.grimann.de\/zh\/wp-json\/wp\/v2\/media?parent=593"}],"curies":[{"name":"wp","href":"https:\/\/api.w.org\/{rel}","templated":true}]}}