{"id":603,"date":"2013-07-15T11:51:52","date_gmt":"2013-07-15T09:51:52","guid":{"rendered":"http:\/\/redesign.grimann.de\/?page_id=603"},"modified":"2013-07-16T12:01:03","modified_gmt":"2013-07-16T10:01:03","slug":"pare-slow-o-tym-co-robie-i-o-mnie","status":"publish","type":"page","link":"https:\/\/www.grimann.de\/zh\/pare-slow-o-tym-co-robie-i-o-mnie\/","title":{"rendered":"par\u0119 s\u0142\u00f3w o mnie i o tym co robi\u0119"},"content":{"rendered":"<p>Dni i noce, my\u015bli wtedy, my\u015bli na temat.<br \/>\nZarzucam moj\u0105 sie\u0107 by z\u0142apa\u0107 to niewidzialne, to odczuwalne tylko, ten dotyk, ten oddech duszy tylko.<br \/>\nWidz\u0119 w okach sieci te drobiazgi , male\u0144stwa, kt\u00f3re wisz\u0105 tam chwil\u0119 tylko, nim w po\u015bpiechu pop\u0142yn\u0105 dalej, te, kt\u00f3re tylko w swej ulotn\u015bci przez moment uda mi si\u0119 uwidzie\u0107. Nim o nich pomy\u015bl\u0119, znikaj\u0105 w mrocznej odch\u0142ani \u2013 one tworz\u0105 <span style=\"color: #ff0000;\">nastr\u00f3j<\/span>.<br \/>\nWi\u0119ksze kawa\u0142ki, kt\u00f3re w sieci mej znajduj\u0119, to te, kt\u00f3rych jest najwi\u0119cej . Czasem zabawne, pogodne i przyjazne, czasem smutne, ponure i niepokoj\u0105ce \u2013 te, przesortowane z grubsza, tworz\u0105 <span style=\"color: #ff0000;\">tre\u015b\u0107<\/span>.<\/p>\n<p>I jest TAM to co mnie mnie porusza, co mi imponuje i mnie tworzy codziennie, i je\u015bli uda mi si\u0119 to z\u0142apa\u0107, to pozostaje to jako <span style=\"color: #ff0000;\">przes\u0142anie<\/span>.<br \/>\nI to s\u0105 moje obrazy, jak widz\u0119 je dzisiaj. I wiem, \u017ce wczoraj by\u0142y dla mnie nieco inne. \u00a0I wiem, \u017ce jutro troch\u0119 inaczej je zobacz\u0119. I mam nadziej\u0119, \u017ce widz odczuje to podobnie i \u017ce podobnie na nie spoj\u017cy, \u017ce dam mu troch\u0119 tego mojego widzenia jago \u015bwiata i moich obraz\u00f3w, co dnia na nowo je odkrywaj\u0105c.<\/p>\n<p>________________________________________________<br \/>\nId\u0119 i rozgl\u0105dam si\u0119.<\/p>\n<p>I to co widz\u0119, pokazuj\u0119\u00a0 w moich pracach &#8211; tak, jak ka\u017cdy tw\u00f3rca (my\u015bl\u0119). Normaln\u0105, codzienn\u0105 walk\u0119 o przetrwanie do jutra. Tego cz\u0142owieka wok\u00f3\u0142 mnie wraz z jego problemami i k\u0142opotami, rado\u015bciami\u00a0 i cierpieniami, mi\u0142o\u015bciami i dramatami. M\u00f3j \u015bwiat na m\u00f3j spos\u00f3b \u2013 troch\u0119 symboliczny, troche przeno\u015bny, troch\u0119 bajkowy czy bajeczny, troch\u0119 komiksowo przerysowany, troch\u0119 poetyczny, po prostu w m\u00f3j spos\u00f3b. Niekiedy tematem moich prac s\u0105 aktualnie mnie poruszaj\u0105ce wydarzenia, niekiedy tylko my\u015bli lub uczucia, kt\u00f3re w swojej ulotno\u015bci w ostatnim momencie staram si\u0119 uchwyci\u0107.<br \/>\nBardzo d\u0142ugo stara\u0142em si\u0119 da\u0107 widzowi przestrze\u0144 do interpretacji i stara\u0142em si\u0119 nie ingerowa\u0107 w odbi\u00f3r i wyja\u015bni\u0107 wszystko, skutkiem tego by\u0142y prace moje prawie zawsze bez tytu\u0142u.<br \/>\nZyczy\u0142em sobie coraz to nowe ich interpretacje &#8211; i je dostawa\u0142em, bo to nienarzucanie w\u0142asnego widzenia moich obraz\u00f3w owocowa\u0142o (czasem z powodu braku alternatywy).<br \/>\nPrzyk\u0142adem mo\u017ce by\u0107 tutaj obraz \u201ep\u0142acz\u0105c ta\u0144cz\u0105c\u201d , gdzie moim tematem by\u0142a \u015bmier\u0107, a odebrany zosta\u0142 przez kogo\u015b jako obraz o mi\u0142o\u015bci ! Sprzeczniej chyba si\u0119 nie da \u2013 takie momenty mnie fascynuj\u0105.<br \/>\nJe\u015bli odbiorca zatrzyma si\u0119 na troch\u0119, je\u015bli zechce po\u015bwi\u0119ci\u015b nieco dnia na zastanowienie si\u0119 nad tym co ja mu chc\u0119 bez s\u0142\u00f3w powiedzie\u0107 to mo\u017ce mnie us\u0142yszy, a mo\u017ce i us\u0142yszy siebie samego, a wtedy misja ma si\u0119 spe\u0142ni \ud83d\ude09<br \/>\nJednak nie wszyscy adresaci byli gotowi na t\u0105 prac\u0119 i dla tych w\u0142a\u015bnie od pewnego czasu tytu\u0142uj\u0119 to co stworz\u0119, kieruj\u0105c nieco ich tok my\u015blowy, je\u015bli to sobie \u017cycz\u0105 i to dopuszcz\u0105.<br \/>\nMimo to twierdz\u0119 nadal, \u017ce postaci stworzone w mojej fantazji, kt\u00f3re moje przes\u0142anie w \u015bwiat nie\u015b\u0107 powinny, robi\u0105 to ca\u0142kiem dobrze i m\u00f3wi\u0105 zrozumia\u0142ym dla wielu j\u0119zykiem.<br \/>\nW zamian za po\u015bwi\u0119cony im czas, otwarto\u015b\u0107 i odrobin\u0119 fantazji daj\u0105 widzowi zrozumia\u0142o\u015b\u0107 siebie . My\u015bl\u0119, \u017ce moje obrazy opowiadaj\u0105 wizualnie wi\u0119cej, ni\u017c ja kiedykolwiek zdo\u0142am si\u0119 w s\u0142owa uj\u0105\u0107. Komunikuj\u0119 moim malowaniem, pr\u00f3buj\u0119 to, czego nie mog\u0119 lub nie chc\u0119 poweidzie\u0107 w ten spos\u00f3b przekaza\u0107.<br \/>\nA w 2011 pojawi\u0142y si\u0119 tak\u017ce kr\u00f3tkie teksty z moimi przemy\u015bleniami,\u00a0 interpretuj\u0105ce na jeden z wielu sposob\u00f3w niekt\u00f3re obrazy, prowadz\u0105ce widza troch\u0119 za r\u0119k\u0119 przez ten m\u00f3j \u015bwiat.<br \/>\n<span style=\"color: #33cccc;\">\u201e\u015awiat Adama Grimmana jest kolorowy i wygl\u0105da jakby go przefiltrowano przez cudaczne lustro rodem z Alicji w Krainie Czar\u00f3w. Zniekszta\u0142cony, psychodeliczny, ocieraj\u0105cy si\u0119 o koszmar senny a jednak zabawny.\u201d<\/span> \u2013 pisze \u201eEcho Szczecina\u201d podczas mojej szczeci\u0144skiej wystawy.<br \/>\nJednym ostatnio z wa\u017cniejszych moich projekt\u00f3w by\u0142a p\u0142yta \u201eNacht der Hunde\u201c (\u201enoc ps\u00f3w\u201d)\u00a0 \u00a0z poezj\u0105 F.R\u00f6chter oraz ksi\u0105\u017cka \u201eHaben sie Komfortstatus\u201c (tak\u017ce pani R\u00f6chter), gdzie zaprojektowa\u0142em ok\u0142adki, a do ksi\u0105\u017cki u\u017cyczy\u0142em rysunk\u00f3w.<br \/>\n<span style=\"color: #33cccc;\">&#8220;Jego obrazy (&#8230;) urzekaj\u0105 wdzi\u0119kiem, dowcipem, g\u0142\u0119boki\u0105\u00a0 prawd\u0105\u00a0 jak i ogromn\u0105 rado\u015bci\u0105 kolor\u00f3w&#8221;<\/span> &#8211; Franziska R\u00f6chter, pisarka.<br \/>\n&#8220;Neue Westf\u00e4lische&#8221; pisze:<span style=\"color: #33cccc;\"> &#8220;&#8230;. motywy Adam Grimanna o swoich surrealistycznych tendencjach. Aby malarsko wyrazi\u0107 swoje postrzeganie i prze\u017cycia, miesza te odczucia z odbiorem interpretacji tych wra\u017ce\u0144. Wychodzi z tago figuratywny, ale formalnie ca\u0142kowicie wyj\u0105tkowy j\u0119zyk wizualny. (..) Tworzy i wymy\u015bla istoty, wed\u0142ug potrzeb wyrazu tworzonego dzie\u0142a. Ta niezale\u017cno\u015b\u0107 jest uintensywniona przez przemy\u015blane ustawienie czy u\u017cycie kolor\u00f3w. (..) do jakiego stopnia tytu\u0142 w rozszyfrowaniu zawarto\u015bci jest pomocny, to inna sprawa. Dlatego dobr\u0105 rad\u0105 dla widza jest, by bez uprzedze\u0144 uda\u0107 si\u0119 w t\u0105 wyj\u0105tkow\u0105, fantazyjn\u0105 pord\u00f3\u017c\u201d<\/span><br \/>\nA o obrazie &#8220;uzale\u017cnienie&#8221;:<span style=\"color: #33cccc;\"> &#8221; przyjemne kolory przes\u0142aniaj\u0105 nam prawie te ostre z\u0119by, usta zniekszta\u0142cone i b\u0142\u0119dny, dziki wzrok, kt\u00f3rym pluszak zezuje do swego pana&#8221;<\/span> opisuj\u0105c w przybli\u017ceniu lini\u0119 wielu moich ostatnich prac.<br \/>\nLippische Landes-Zeitung: <span style=\"color: #33cccc;\">&#8220;(..) patrz\u0105 na widza z kolorowych obraz\u00f3w, g\u0142\u00f3wnie olejnych, dziwaczne, d\u0142ugonogie figury z wypuk\u0142ymi oczami, zwierz\u0119co lub ludzko-podobne istoty, kt\u00f3re wydaj\u0105 si\u0119 \u015bmieszne na pierwszy rzut oka. I wydaje si\u0119, \u017ce za weso\u0142\u0105 czy \u015bmieszn\u0105\u00a0 powierzchowno\u015bci\u0105, dziwaczne z przera\u017ceniem si\u0119 czai. (..) Wci\u0105gaj\u0105ca jest niew\u0105tpliwie ta barwna r\u00f3\u017cnorodno\u015b\u0107, kt\u00f3ra znajduje odzwierciedlenie w jego obrazach. &#8220;<\/span><br \/>\nObecnie jestem w trakcie ilustrowania ksi\u0105\u017cki dla dzieci, co wielk\u0105 mi rado\u015b\u0107 sprawia i co w przysz\u0142o\u015bci ch\u0119tnie zn\u00f3w uczyni\u0119 je\u015bli kto\u015b swe literackie wyczyny b\u0119dzie chcia\u0142 zobrazowa\u0107 moimi pracami.<br \/>\nWi\u0119kszo\u015b\u0107 moich obraz\u00f3w jest malowane farbami olejnymi na p\u0142\u00f3tnie, co nie znaczy, \u017ce mam awersj\u0119 do innych technik, pr\u00f3buj\u0119 co jaki\u015b czas czego\u015b nowego, ale zawsze wracam do mojego ulubionego medium.<br \/>\nM\u00f3j pierwszy obraz olejny zosta\u0142 stworzony w latach 80-tych ale rysowa\u0142em i malowa\u0142em ju\u017c od zawsze z pasj\u0105&#8230;<\/p>\n<p>2012<\/p>\n","protected":false},"excerpt":{"rendered":"<p>Dni i noce, my\u015bli wtedy, my\u015bli na temat. Zarzucam moj\u0105  [&hellip;]<\/p>\n","protected":false},"author":1,"featured_media":0,"parent":0,"menu_order":0,"comment_status":"open","ping_status":"closed","template":"page-fullwidth.php","meta":{"_exactmetrics_skip_tracking":false,"_exactmetrics_sitenote_active":false,"_exactmetrics_sitenote_note":"","_exactmetrics_sitenote_category":0,"ngg_post_thumbnail":0,"ocean_post_layout":"","ocean_both_sidebars_style":"","ocean_both_sidebars_content_width":0,"ocean_both_sidebars_sidebars_width":0,"ocean_sidebar":"","ocean_second_sidebar":"","ocean_disable_margins":"enable","ocean_add_body_class":"","ocean_shortcode_before_top_bar":"","ocean_shortcode_after_top_bar":"","ocean_shortcode_before_header":"","ocean_shortcode_after_header":"","ocean_has_shortcode":"","ocean_shortcode_after_title":"","ocean_shortcode_before_footer_widgets":"","ocean_shortcode_after_footer_widgets":"","ocean_shortcode_before_footer_bottom":"","ocean_shortcode_after_footer_bottom":"","ocean_display_top_bar":"default","ocean_display_header":"default","ocean_header_style":"","ocean_center_header_left_menu":"","ocean_custom_header_template":"","ocean_custom_logo":0,"ocean_custom_retina_logo":0,"ocean_custom_logo_max_width":0,"ocean_custom_logo_tablet_max_width":0,"ocean_custom_logo_mobile_max_width":0,"ocean_custom_logo_max_height":0,"ocean_custom_logo_tablet_max_height":0,"ocean_custom_logo_mobile_max_height":0,"ocean_header_custom_menu":"","ocean_menu_typo_font_family":"","ocean_menu_typo_font_subset":"","ocean_menu_typo_font_size":0,"ocean_menu_typo_font_size_tablet":0,"ocean_menu_typo_font_size_mobile":0,"ocean_menu_typo_font_size_unit":"px","ocean_menu_typo_font_weight":"","ocean_menu_typo_font_weight_tablet":"","ocean_menu_typo_font_weight_mobile":"","ocean_menu_typo_transform":"","ocean_menu_typo_transform_tablet":"","ocean_menu_typo_transform_mobile":"","ocean_menu_typo_line_height":0,"ocean_menu_typo_line_height_tablet":0,"ocean_menu_typo_line_height_mobile":0,"ocean_menu_typo_line_height_unit":"","ocean_menu_typo_spacing":0,"ocean_menu_typo_spacing_tablet":0,"ocean_menu_typo_spacing_mobile":0,"ocean_menu_typo_spacing_unit":"","ocean_menu_link_color":"","ocean_menu_link_color_hover":"","ocean_menu_link_color_active":"","ocean_menu_link_background":"","ocean_menu_link_hover_background":"","ocean_menu_link_active_background":"","ocean_menu_social_links_bg":"","ocean_menu_social_hover_links_bg":"","ocean_menu_social_links_color":"","ocean_menu_social_hover_links_color":"","ocean_disable_title":"default","ocean_disable_heading":"default","ocean_post_title":"","ocean_post_subheading":"","ocean_post_title_style":"","ocean_post_title_background_color":"","ocean_post_title_background":0,"ocean_post_title_bg_image_position":"","ocean_post_title_bg_image_attachment":"","ocean_post_title_bg_image_repeat":"","ocean_post_title_bg_image_size":"","ocean_post_title_height":0,"ocean_post_title_bg_overlay":0.5,"ocean_post_title_bg_overlay_color":"","ocean_disable_breadcrumbs":"default","ocean_breadcrumbs_color":"","ocean_breadcrumbs_separator_color":"","ocean_breadcrumbs_links_color":"","ocean_breadcrumbs_links_hover_color":"","ocean_display_footer_widgets":"default","ocean_display_footer_bottom":"default","ocean_custom_footer_template":"","footnotes":""},"class_list":["post-603","page","type-page","status-publish","hentry","entry","owp-thumbs-layout-horizontal","owp-btn-normal","owp-tabs-layout-horizontal","has-no-thumbnails","has-product-nav"],"yoast_head":"<!-- This site is optimized with the Yoast SEO plugin v27.4 - https:\/\/yoast.com\/product\/yoast-seo-wordpress\/ -->\n<title>par\u0119 s\u0142\u00f3w o mnie i o tym co robi\u0119  - my gallery<\/title>\n<meta name=\"robots\" content=\"index, follow, max-snippet:-1, max-image-preview:large, max-video-preview:-1\" \/>\n<link rel=\"canonical\" href=\"https:\/\/www.grimann.de\/pare-slow-o-tym-co-robie-i-o-mnie\/\" \/>\n<meta property=\"og:locale\" content=\"zh_CN\" \/>\n<meta property=\"og:type\" content=\"article\" \/>\n<meta property=\"og:title\" content=\"par\u0119 s\u0142\u00f3w o mnie i o tym co robi\u0119  - my gallery\" \/>\n<meta property=\"og:description\" content=\"Dni i noce, my\u015bli wtedy, my\u015bli na temat. Zarzucam moj\u0105 [&hellip;]\" \/>\n<meta property=\"og:url\" content=\"https:\/\/www.grimann.de\/pare-slow-o-tym-co-robie-i-o-mnie\/\" \/>\n<meta property=\"og:site_name\" content=\"my gallery\" \/>\n<meta property=\"article:publisher\" content=\"https:\/\/www.facebook.com\/adam.grimann\" \/>\n<meta property=\"article:modified_time\" content=\"2013-07-16T10:01:03+00:00\" \/>\n<meta name=\"twitter:card\" content=\"summary_large_image\" \/>\n<meta name=\"twitter:label1\" content=\"\u9884\u8ba1\u9605\u8bfb\u65f6\u95f4\" \/>\n\t<meta name=\"twitter:data1\" content=\"5 \u5206\" \/>\n<script type=\"application\/ld+json\" class=\"yoast-schema-graph\">{\"@context\":\"https:\\\/\\\/schema.org\",\"@graph\":[{\"@type\":\"WebPage\",\"@id\":\"https:\\\/\\\/www.grimann.de\\\/pare-slow-o-tym-co-robie-i-o-mnie\\\/\",\"url\":\"https:\\\/\\\/www.grimann.de\\\/pare-slow-o-tym-co-robie-i-o-mnie\\\/\",\"name\":\"par\u0119 s\u0142\u00f3w o mnie i o tym co robi\u0119 - my gallery\",\"isPartOf\":{\"@id\":\"https:\\\/\\\/www.grimann.de\\\/#website\"},\"datePublished\":\"2013-07-15T09:51:52+00:00\",\"dateModified\":\"2013-07-16T10:01:03+00:00\",\"breadcrumb\":{\"@id\":\"https:\\\/\\\/www.grimann.de\\\/pare-slow-o-tym-co-robie-i-o-mnie\\\/#breadcrumb\"},\"inLanguage\":\"zh-Hans\",\"potentialAction\":[{\"@type\":\"ReadAction\",\"target\":[\"https:\\\/\\\/www.grimann.de\\\/pare-slow-o-tym-co-robie-i-o-mnie\\\/\"]}]},{\"@type\":\"BreadcrumbList\",\"@id\":\"https:\\\/\\\/www.grimann.de\\\/pare-slow-o-tym-co-robie-i-o-mnie\\\/#breadcrumb\",\"itemListElement\":[{\"@type\":\"ListItem\",\"position\":1,\"name\":\"Home\",\"item\":\"https:\\\/\\\/www.grimann.de\\\/\"},{\"@type\":\"ListItem\",\"position\":2,\"name\":\"par\u0119 s\u0142\u00f3w o mnie i o tym co robi\u0119\"}]},{\"@type\":\"WebSite\",\"@id\":\"https:\\\/\\\/www.grimann.de\\\/#website\",\"url\":\"https:\\\/\\\/www.grimann.de\\\/\",\"name\":\"my gallery\",\"description\":\"adams art\",\"publisher\":{\"@id\":\"https:\\\/\\\/www.grimann.de\\\/#\\\/schema\\\/person\\\/b85eeb7bb21aee8cb16db5f471df2377\"},\"potentialAction\":[{\"@type\":\"SearchAction\",\"target\":{\"@type\":\"EntryPoint\",\"urlTemplate\":\"https:\\\/\\\/www.grimann.de\\\/?s={search_term_string}\"},\"query-input\":{\"@type\":\"PropertyValueSpecification\",\"valueRequired\":true,\"valueName\":\"search_term_string\"}}],\"inLanguage\":\"zh-Hans\"},{\"@type\":[\"Person\",\"Organization\"],\"@id\":\"https:\\\/\\\/www.grimann.de\\\/#\\\/schema\\\/person\\\/b85eeb7bb21aee8cb16db5f471df2377\",\"name\":\"grimann\",\"image\":{\"@type\":\"ImageObject\",\"inLanguage\":\"zh-Hans\",\"@id\":\"https:\\\/\\\/www.grimann.de\\\/wp-content\\\/uploads\\\/2022\\\/07\\\/signatur1-scaled.jpg\",\"url\":\"https:\\\/\\\/www.grimann.de\\\/wp-content\\\/uploads\\\/2022\\\/07\\\/signatur1-scaled.jpg\",\"contentUrl\":\"https:\\\/\\\/www.grimann.de\\\/wp-content\\\/uploads\\\/2022\\\/07\\\/signatur1-scaled.jpg\",\"width\":2560,\"height\":617,\"caption\":\"grimann\"},\"logo\":{\"@id\":\"https:\\\/\\\/www.grimann.de\\\/wp-content\\\/uploads\\\/2022\\\/07\\\/signatur1-scaled.jpg\"},\"sameAs\":[\"https:\\\/\\\/www.grimann.de\",\"https:\\\/\\\/www.facebook.com\\\/adam.grimann\",\"https:\\\/\\\/www.instagram.com\\\/atelier_grimann\\\/\",\"https:\\\/\\\/www.linkedin.com\\\/in\\\/adam-grimann-4684a661\\\/\"]}]}<\/script>\n<!-- \/ Yoast SEO plugin. -->","yoast_head_json":{"title":"par\u0119 s\u0142\u00f3w o mnie i o tym co robi\u0119  - my gallery","robots":{"index":"index","follow":"follow","max-snippet":"max-snippet:-1","max-image-preview":"max-image-preview:large","max-video-preview":"max-video-preview:-1"},"canonical":"https:\/\/www.grimann.de\/pare-slow-o-tym-co-robie-i-o-mnie\/","og_locale":"zh_CN","og_type":"article","og_title":"par\u0119 s\u0142\u00f3w o mnie i o tym co robi\u0119  - my gallery","og_description":"Dni i noce, my\u015bli wtedy, my\u015bli na temat. Zarzucam moj\u0105 [&hellip;]","og_url":"https:\/\/www.grimann.de\/pare-slow-o-tym-co-robie-i-o-mnie\/","og_site_name":"my gallery","article_publisher":"https:\/\/www.facebook.com\/adam.grimann","article_modified_time":"2013-07-16T10:01:03+00:00","twitter_card":"summary_large_image","twitter_misc":{"\u9884\u8ba1\u9605\u8bfb\u65f6\u95f4":"5 \u5206"},"schema":{"@context":"https:\/\/schema.org","@graph":[{"@type":"WebPage","@id":"https:\/\/www.grimann.de\/pare-slow-o-tym-co-robie-i-o-mnie\/","url":"https:\/\/www.grimann.de\/pare-slow-o-tym-co-robie-i-o-mnie\/","name":"par\u0119 s\u0142\u00f3w o mnie i o tym co robi\u0119 - my gallery","isPartOf":{"@id":"https:\/\/www.grimann.de\/#website"},"datePublished":"2013-07-15T09:51:52+00:00","dateModified":"2013-07-16T10:01:03+00:00","breadcrumb":{"@id":"https:\/\/www.grimann.de\/pare-slow-o-tym-co-robie-i-o-mnie\/#breadcrumb"},"inLanguage":"zh-Hans","potentialAction":[{"@type":"ReadAction","target":["https:\/\/www.grimann.de\/pare-slow-o-tym-co-robie-i-o-mnie\/"]}]},{"@type":"BreadcrumbList","@id":"https:\/\/www.grimann.de\/pare-slow-o-tym-co-robie-i-o-mnie\/#breadcrumb","itemListElement":[{"@type":"ListItem","position":1,"name":"Home","item":"https:\/\/www.grimann.de\/"},{"@type":"ListItem","position":2,"name":"par\u0119 s\u0142\u00f3w o mnie i o tym co robi\u0119"}]},{"@type":"WebSite","@id":"https:\/\/www.grimann.de\/#website","url":"https:\/\/www.grimann.de\/","name":"my gallery","description":"adams art","publisher":{"@id":"https:\/\/www.grimann.de\/#\/schema\/person\/b85eeb7bb21aee8cb16db5f471df2377"},"potentialAction":[{"@type":"SearchAction","target":{"@type":"EntryPoint","urlTemplate":"https:\/\/www.grimann.de\/?s={search_term_string}"},"query-input":{"@type":"PropertyValueSpecification","valueRequired":true,"valueName":"search_term_string"}}],"inLanguage":"zh-Hans"},{"@type":["Person","Organization"],"@id":"https:\/\/www.grimann.de\/#\/schema\/person\/b85eeb7bb21aee8cb16db5f471df2377","name":"grimann","image":{"@type":"ImageObject","inLanguage":"zh-Hans","@id":"https:\/\/www.grimann.de\/wp-content\/uploads\/2022\/07\/signatur1-scaled.jpg","url":"https:\/\/www.grimann.de\/wp-content\/uploads\/2022\/07\/signatur1-scaled.jpg","contentUrl":"https:\/\/www.grimann.de\/wp-content\/uploads\/2022\/07\/signatur1-scaled.jpg","width":2560,"height":617,"caption":"grimann"},"logo":{"@id":"https:\/\/www.grimann.de\/wp-content\/uploads\/2022\/07\/signatur1-scaled.jpg"},"sameAs":["https:\/\/www.grimann.de","https:\/\/www.facebook.com\/adam.grimann","https:\/\/www.instagram.com\/atelier_grimann\/","https:\/\/www.linkedin.com\/in\/adam-grimann-4684a661\/"]}]}},"_links":{"self":[{"href":"https:\/\/www.grimann.de\/zh\/wp-json\/wp\/v2\/pages\/603","targetHints":{"allow":["GET"]}}],"collection":[{"href":"https:\/\/www.grimann.de\/zh\/wp-json\/wp\/v2\/pages"}],"about":[{"href":"https:\/\/www.grimann.de\/zh\/wp-json\/wp\/v2\/types\/page"}],"author":[{"embeddable":true,"href":"https:\/\/www.grimann.de\/zh\/wp-json\/wp\/v2\/users\/1"}],"replies":[{"embeddable":true,"href":"https:\/\/www.grimann.de\/zh\/wp-json\/wp\/v2\/comments?post=603"}],"version-history":[{"count":10,"href":"https:\/\/www.grimann.de\/zh\/wp-json\/wp\/v2\/pages\/603\/revisions"}],"predecessor-version":[{"id":1146,"href":"https:\/\/www.grimann.de\/zh\/wp-json\/wp\/v2\/pages\/603\/revisions\/1146"}],"wp:attachment":[{"href":"https:\/\/www.grimann.de\/zh\/wp-json\/wp\/v2\/media?parent=603"}],"curies":[{"name":"wp","href":"https:\/\/api.w.org\/{rel}","templated":true}]}}